{"id":2662,"date":"2018-07-03T23:35:01","date_gmt":"2018-07-03T23:35:01","guid":{"rendered":"https:\/\/cochacashu.sandiegozooglobal.org\/?page_id=2662"},"modified":"2019-09-22T19:37:15","modified_gmt":"2019-09-22T19:37:15","slug":"en-los-medios","status":"publish","type":"page","link":"https:\/\/cochacashu.sandiegozooglobal.org\/es\/en-los-medios\/","title":{"rendered":"En los Medios"},"content":{"rendered":"<h1><span style=\"color: #000000;\">Televisi\u00f3n<\/span><strong><span style=\"color: #000000;\"> y Peliculas<\/span><br \/>\n<\/strong><\/h1>\n<p><a href=\"https:\/\/www.youtube.com\/watch?v=R8glYPe12C0\">Ideele Radio<\/a>: <em>junio 2019<\/em>. Entrevista con Glatzer Tuesta, Conductor de No Hay Derecho de Ideele Radio, a ra\u00edz de nuestra exposici\u00f3n fotogr\u00e1fica &#8220;Cocha Cashu: 50 a\u00f1os de ciencia, educaci\u00f3n y conservaci\u00f3n&#8221;. A partir de 2:29:00.<\/p>\n<p><a href=\"https:\/\/www.youtube.com\/watch?v=LiliEnwqiaU\">Cuarto Poder<\/a>: <em>2016<\/em><strong>. <\/strong>Reportaje Cocha Cashu<\/p>\n<p><a href=\"https:\/\/www.youtube.com\/watch?v=U4GB6Z3McMs\">Cuarto Poder<\/a>: <em>junio 2015<\/em>. La parte sobre el Parque Nacional del Manu y la Estacion Biologica de Cocha Cashu empieza a las 2:11:00<\/p>\n<p>Reportaje al Peru:<\/p>\n<ul style=\"color: #222222;\">\n<li>Primera parte\u00a0<span style=\"color: #000000;\">(49:21)<\/span>: \u00a0<span style=\"color: #000000;\"><a style=\"color: #1155cc;\" href=\"http:\/\/www.tvperu.gob.pe\/play\/videos\/reportaje-al-peru\/manu-refugio-de-vida-parte-1\" target=\"_blank\" rel=\"noopener noreferrer\">http:\/\/www.tvperu.gob.pe\/<wbr \/>play\/videos\/reportaje-al-peru\/<wbr \/>manu-refugio-de-vida-parte-1<\/a>\u00a0<\/span><\/li>\n<li>\n<p style=\"color: #000000;\">Segunda parte (51:48):\u00a0<a style=\"color: #1155cc;\" href=\"http:\/\/www.tvperu.gob.pe\/play\/videos\/reportaje-al-peru\/manu-refugio-de-vida-parte-ii\" target=\"_blank\" rel=\"noopener noreferrer\">http:\/\/www.tvperu.gob.pe\/play\/<wbr \/>videos\/reportaje-al-peru\/manu-<wbr \/>refugio-de-vida-parte-ii<\/a><\/p>\n<\/li>\n<\/ul>\n<h1><span style=\"color: #000000;\"><strong>Peri\u00f3dicos y Sitios Web<\/strong><\/span><\/h1>\n<p><a href=\"https:\/\/elcomercio.pe\/peru\/defensa-riqueza-natural-junin-ensayo-noticia-675874\">En defensa de la riqueza natural de Jun\u00edn \/ ENSAYO<\/a>, El Comercio, <em>setiembre 2019<\/em><\/p>\n<p><a href=\"https:\/\/www.elconfidencial.com\/tecnologia\/ciencia\/2019-08-28\/santuario-amazonas-incendios-peru-resiste_2195739\/\">As\u00ed resiste el lugar m\u00e1s virgen del Amazonas a los devastadoras incendios<\/a>, El Confidencial, <em>agosto 2019<\/em><\/p>\n<p><a href=\"https:\/\/wilireano.lamula.pe\/2019\/08\/05\/manu-biodiversidad-amazonia\/wilireano\/\">Cocha Cashu coraz\u00f3n<\/a>, LaMula.pe, <em>agosto 2019<\/em><\/p>\n<p><a href=\"http:\/\/soloparaviajeros.pe\/roxana-arauco-cashuense\/\">Roxana Arauco, cashuense&#8230;<\/a>, Solo para Viajeros, <em>agosto 2019<\/em><\/p>\n<p><a href=\"https:\/\/elcomercio.pe\/luces\/arte\/cocha-cashu-corazon-selva-noticia-ecpm-641815\">Cocha Cashu: una sesi\u00f3n de fotos en el corazon de la selva \/ FOTOS<\/a>, El Comercio, <em>junio 2019<\/em><\/p>\n<p><a href=\"https:\/\/portaldeturismo.pe\/noticia\/se-inauguro-exposicion-fotografica-de-la-estacion-biologica-de-cocha-cashu\/\">Se inaugur\u00f3 exposici\u00f3n fotogr\u00e1fica de la Estaci\u00f3n Biol\u00f3gica Cocha Cashu<\/a>, Portal de Turismo, <em>junio 2019<\/em><\/p>\n<p><a href=\"http:\/\/www.inforegion.pe\/260445\/estacion-biologica-de-cocha-cashu-se-lucira-en-exposicion-fotografica\/\">Estaci\u00f3n Biol\u00f3gica Cocha Cashu se lucir\u00e1 en exposici\u00f3n fotogr\u00e1fica<\/a>, Inforegi\u00f3n, <em>junio 2019<\/em><\/p>\n<p><a href=\"https:\/\/www.rumbosdelperu.com\/ambiente\/05-06-2019\/cocha-cashu-cinco-decadas-explorando-el-corazon-de-la-selva-peruana\/\">Cocha Cashu: cinco d\u00e9cadas explorando el coraz\u00f3n de la selva peruana<\/a>, Rumbos, <em>junio 2019<\/em><\/p>\n<p><a href=\"https:\/\/www.canalipe.tv\/noticias\/ecologia\/en-medio-de-selva-programa-educativo-cocha-cashu\">En medio de la selva: Programa educativo Cocha Cashu<\/a>, Canal IPE, <em>junio 2019<\/em><\/p>\n<p><a href=\"https:\/\/elcomercio.pe\/peru\/comercio-sernanp-san-diego-zoo-lanzan-premio-periodismo-ambiental-barbara-d-achille-noticia-639934#!#http:%2F%2Fwww.sernanp.gob.pe%2Fdocuments%2F10181%2F1246601%2FBases.Premio_Periodismo_Naturaleza_Conservaci%C3%B3n--.pdf%2Ffb9161ee-a37f-4175-9a28-699e3ffafcef\">El Comercio, Sernanp y el San Diego Zoo Global lanzan premio de periodismo ambiental B\u00e1rbara D&#8217;Achille<\/a>, El Comercio, <em>mayo 2019<\/em><\/p>\n<p><a href=\"http:\/\/soloparaviajeros.pe\/exposicion-fotografica-en-lima-por-los-50-anos-de-estacion-biologica-cocha-cashu-manu\/\">Exposic\u00f3n fotogr\u00e1fica en Lima por los 50 a\u00f1os de Estaci\u00f3n Biol\u00f3gica Cocha Cashu &#8211; Manu<\/a>, Solo para Viajeros, <em>mayo 2019<\/em><\/p>\n<p><a href=\"https:\/\/tvrobles.lamula.pe\/2019\/05\/17\/inauguraran-la-exposicion-cocha-cashu-50-anos-de-ciencia-educacion-y-conservacion-en-el-centro-cultural-brasil-peru\/tvrobles\/\">Inaugurar\u00e1n la exposici\u00f3n &#8220;Cocha Cashu: 50 a\u00f1os de ciencia, educaci\u00f3n y conservaci\u00f3n&#8221; en el Centro Cultural Brasil-Per\u00fa<\/a>, LaMula.pe, <em>mayo 2019<\/em><\/p>\n<p><a href=\"https:\/\/www.rcrperu.com\/joven-profesional-piurana-realizo-curso-en-estacion-biologica-cocha-cashu\/\">Joven profesional piurana realiz\u00f3 curso en Estaci\u00f3n Biol\u00f3gica Cocha Cashu<\/a>, Red de Comunicaci\u00f3n Regional, <em>febrero 2019<\/em><\/p>\n<p><a href=\"http:\/\/soloparaviajeros.pe\/cocha-cashu-el-corazon-del-manu\/\">Cocha Cashu: el coraz\u00f3n del Manu<\/a>, Solo para Viajeros, <em>octubre 2018<\/em><\/p>\n<p><a href=\"http:\/\/www.larepublica.pe\/23-10-2014\/el-manu-vida-salvaje-es-capturada-por-camaras-trampa\">El Manu: vida salvaje esPeri\u00f3dicos y sitios web\u00a0 capturada por camaras trampa<\/a>, La Republica, <em>octubre 2014<\/em><\/p>\n<p><a href=\"http:\/\/www.elperuano.com.pe\/edicion\/noticia-el-manu-tiene-mayor-biodiversidad-del-mundo-23273.aspx#.VFzvX_mG8Xt\">El Manu tiene la mayor biodiversidad del mundo<\/a>, El Peruano, <em>octubre 2014<\/em><\/p>\n<p><a href=\"http:\/\/www.rpp.com.pe\/2014-10-23-el-manu-es-el-lugar-con-mayor-biodiversidad-del-mundo-noticia_736159.html\">El Manu es el lugar con mayor biodiversidad del mundo<\/a>, RPP Noticias, <em>octubre 2014<\/em><\/p>\n<p><a href=\"http:\/\/elcomercio.pe\/peru\/pais\/manu-lugar-mayor-biodiversidad-mundo-noticia-1766114\">El Manu es el lugar con mayor biodiversidad del mundo<\/a>, El Comercio, <em>octubre 2014<\/em><\/p>\n<h1 style=\"font-weight: inherit; color: #3a3a3a;\"><a href=\"http:\/\/trome.pe\/actualidad\/parque-nacional-manu-sigue-considerado-lugar-mayor-biodiversidad-mundo-2027526\">Parque Nacional del Manu sigue siendo el lugar con mayor biodiversidad del mundo<\/a>, Trome, <em>octubre 2014<\/em><\/h1>\n<p><a href=\"http:\/\/noticias.terra.com.pe\/peru\/peru-el-manu-es-el-lugar-con-mayor-biodiversidad-del-mundo,43724f65dad39410VgnVCM5000009ccceb0aRCRD.html\">Peru: El Manu es el lugar con mayor biodiversidad del mundo<\/a>, Terra, <em>octubre 2014<\/em><\/p>\n<p><a href=\"http:\/\/www.inforegion.pe\/portada\/191155\/el-manu-se-consolida-como-el-lugar-con-mayor-biodiversidad-del-mundo\/\">El Manu se consolida como el lugar con mayor biodiversidad del mundo<\/a>, Info Regi\u00f3n, <em>octubre 2014<\/em><\/p>\n<p><a href=\"http:\/\/peru21.pe\/actualidad\/parque-nacional-manu-lugar-mayor-biodiversidad-mundo-2202105\">Parque Nacional del Manu es el lugar con mayor biodiversidad del mundo<\/a>, Peru 21, <em>octubre 2014<\/em><\/p>\n<p><a href=\"http:\/\/publimetro.pe\/actualidad\/noticia-confirman-que-manu-lugar-mayor-biodiversidad-mundo-28116\">Confirman que el Manu es el lugar con mayor biodiversidad del mundo<\/a>, Publimetro, <em>octubre 2014<\/em><\/p>\n<p><a href=\"http:\/\/www.americatv.com.pe\/noticias\/actualidad\/parque-nacional-manu-lugar-mayor-biodiversidad-mundo-n157112?ref=hcron\">Parque Nacional del Manu es el lugar con mayor biodiversidad del mundo<\/a>, America Noticias, <em>octubre 2014<\/em><\/p>\n<p><a href=\"http:\/\/www.andina.com.pe\/agencia\/noticia-estudio-confirma-que-manu-es-lugar-mayor-biodiversidad-del-mundo-528613.aspx\">Confirman que el Manu es el lugar con mayor biodiversidad del mundo<\/a>, Andina, <em>octubre 2014<\/em><\/p>\n<p><a href=\"http:\/\/www.rpp.com.pe\/2011-%C2%AD%E2%80%9007-%C2%AD%E2%80%9026-%C2%AD%E2%80%90mejoraran-%C2%AD%E2%80%90e-%C2%AD%E2%80%90implementaran-%C2%AD%E2%80%90estacion-%C2%AD%E2%80%90biologica-%C2%AD%E2%80%90de-%C2%AD%E2%80%90cocha-%C2%AD%E2%80%90cashu-%C2%AD%E2%80%90en-%C2%AD%E2%80%90cusco-%C2%AD%E2%80%90noticia_388609.html\">Mejorar\u00e1n e implementar\u00e1n estaci\u00f3n biol\u00f3gica de Cocha Cashu en Cusco<\/a>, RPP Noticias, <em>julio 2011<\/em><\/p>\n<h1><strong>YouTube<\/strong><\/h1>\n<p><a href=\"https:\/\/www.youtube.com\/watch?v=cENSuSAtYRA&amp;list=PLklmscToR0CKtXUoxoR2Hr5-PSlnpJ_1o&amp;index=5\">Paisaje Pur\u00fas Manu: Investigaci\u00f3n y Manejo de Recursos Naturales<\/a>, <em>enero 2019<\/em><\/p>\n<pre><em>Adrian Torres Paucar, un estudiante de nuestro curso de campo del a\u00f1o pasado, explica algunas interacciones entre plantas y animales (como el caso de la tangarana) al equipo de Reportaje al Peru.<\/em><\/pre>\n<h4><a href=\"https:\/\/cochacashu.sandiegozooglobal.org\/wp-content\/uploads\/2014\/11\/Adrian2.jpg\"><img decoding=\"async\" loading=\"lazy\" class=\"aligncenter size-full wp-image-1650\" src=\"https:\/\/cochacashu.sandiegozooglobal.org\/wp-content\/uploads\/2014\/11\/Adrian2.jpg\" alt=\"Adrian2\" width=\"800\" height=\"532\" srcset=\"https:\/\/cochacashu.sandiegozooglobal.org\/wp-content\/uploads\/2014\/11\/Adrian2.jpg 800w, https:\/\/cochacashu.sandiegozooglobal.org\/wp-content\/uploads\/2014\/11\/Adrian2-300x199.jpg 300w, https:\/\/cochacashu.sandiegozooglobal.org\/wp-content\/uploads\/2014\/11\/Adrian2-451x300.jpg 451w\" sizes=\"(max-width: 800px) 100vw, 800px\" \/><\/a><\/h4>\n","protected":false},"excerpt":{"rendered":"<p>Televisi\u00f3n y Peliculas Ideele Radio: junio 2019. Entrevista con Glatzer Tuesta, Conductor de No Hay Derecho de Ideele Radio, a ra\u00edz de nuestra exposici\u00f3n fotogr\u00e1fica &#8220;Cocha Cashu: 50 a\u00f1os de ciencia, educaci\u00f3n y conservaci\u00f3n&#8221;. A partir de 2:29:00. Cuarto Poder: &hellip; <a href=\"https:\/\/cochacashu.sandiegozooglobal.org\/es\/en-los-medios\/\">Sigue leyendo <span class=\"meta-nav\">&rarr;<\/span><\/a><\/p>\n","protected":false},"author":1,"featured_media":0,"parent":0,"menu_order":0,"comment_status":"closed","ping_status":"closed","template":"","meta":{"_mi_skip_tracking":false,"_exactmetrics_sitenote_active":false,"_exactmetrics_sitenote_note":"","_exactmetrics_sitenote_category":0,"footnotes":""},"_links":{"self":[{"href":"https:\/\/cochacashu.sandiegozooglobal.org\/es\/wp-json\/wp\/v2\/pages\/2662\/"}],"collection":[{"href":"https:\/\/cochacashu.sandiegozooglobal.org\/es\/wp-json\/wp\/v2\/pages\/"}],"about":[{"href":"https:\/\/cochacashu.sandiegozooglobal.org\/es\/wp-json\/wp\/v2\/types\/page\/"}],"author":[{"embeddable":true,"href":"https:\/\/cochacashu.sandiegozooglobal.org\/es\/wp-json\/wp\/v2\/users\/1\/"}],"replies":[{"embeddable":true,"href":"https:\/\/cochacashu.sandiegozooglobal.org\/es\/wp-json\/wp\/v2\/comments\/?post=2662"}],"version-history":[{"count":14,"href":"https:\/\/cochacashu.sandiegozooglobal.org\/es\/wp-json\/wp\/v2\/pages\/2662\/revisions\/"}],"predecessor-version":[{"id":3474,"href":"https:\/\/cochacashu.sandiegozooglobal.org\/es\/wp-json\/wp\/v2\/pages\/2662\/revisions\/3474\/"}],"wp:attachment":[{"href":"https:\/\/cochacashu.sandiegozooglobal.org\/es\/wp-json\/wp\/v2\/media\/?parent=2662"}],"curies":[{"name":"wp","href":"https:\/\/api.w.org\/{rel}","templated":true}]}}